{"version":"1.0","provider_name":"Karcol\u00e1sok","provider_url":"https:\/\/karcolasok.cafeblog.hu","author_name":"Demetria","author_url":"https:\/\/karcolasok.cafeblog.hu\/author\/demetria\/","title":"A N\u0151","html":"<p>Felkel reggel. K\u00f3cos a haja, gy\u0171r\u00f6tt az arca. \u00c9des a mosolya \u00e9s l\u00e1gy a sim\u00edt\u00e1sa. Minden reggel v\u00e9gig sim\u00edtja az arcom. Puha k\u00f6nt\u00f6s\u00e9be burkolva l\u00e9pdel ki a konyh\u00e1ba, ahol neki l\u00e1t a reggeli k\u00e1v\u00e9 f\u0151z\u00e9s\u00e9nek. D\u00fadolja halkan a r\u00e1di\u00f3ban j\u00e1tszott ismert sz\u00e1mokat. Kimegyek ut\u00e1na \u00e9s n\u00e9zem. Im\u00e1dom reggel n\u00e9zni. L\u00e1thatom \u0151t teljes igaz val\u00f3j\u00e1ban. Nincs smink, se holmi farmer \u00e9s \u00e9kszer. \u0150 az. Gy\u00f6ny\u00f6r\u0171 m\u00e9g reggel is. Mosolyogva, kedvesen \" J\u00f3 reggelt\" - t k\u00edv\u00e1nva ny\u00fajtja \u00e1t a g\u0151z\u00f6lg\u0151 feket\u00e9t.\u00a0<br \/>A kanap\u00e9n csendesen iszogatom a k\u00e1v\u00e9mat \u00e9s \u0151t n\u00e9zem. N\u00e9zem, ahogy elk\u00e9sz\u00fcl. Megf\u00e9s\u00fclk\u00f6dik, fel\u00f6lt\u00f6zik. P\u00e1r percen bel\u00fcl \u00e9rzem a parf\u00fcmj\u00e9nek az illat\u00e1t. Ak\u00e1rhol megismern\u00e9m. B\u00e1rhol meg\u00e9rzem, \u0151 r\u00e1 gondolok, \u0151t kezdem el a szememmel keresni, m\u00e9g akkor is, ha tudom nincs es\u00e9ly r\u00e1, hogy ott legyen.\u00a0<br \/><img class=\"alignnone size-large wp-image-429\" src=\"https:\/\/karcolasok.cafeblog.hu\/files\/2019\/02\/pexels-photo-272877-600x400.jpeg\" alt=\"\" width=\"600\" height=\"400\" \/><br \/>Hihetetlen, hogy a kamaszs\u00e1g, amivel megismertem m\u00e1r sehol nincs. Egy n\u0151 \u00e1ll el\u0151ttem. Csod\u00e1latos von\u00e1sokkal, hossz\u00fa hajjal, sz\u00edvet melenget\u0151 mosollyal. A f\u00fcrd\u0151be vonul. Fogat mos \u00e9s enyh\u00e9n sminkel. Grimaszolva j\u00f6n ki. Gondolkodik. Fejben m\u00e1r az indul\u00e1sra k\u00e9sz\u00fcl. \u00d6sszepakolja a t\u00e1sk\u00e1j\u00e1t \u00e9s miel\u0151tt elmenne, l\u00e1gy cs\u00f3kkal k\u00f6sz\u00f6n el. Elmegy. \u00c9rzem, ahogy ki\u00fcresedett a lak\u00e1s. Otthonunkat gondosan rendezte be, tette melegg\u00e9 \u00e9s szeretett teljess\u00e9. M\u00e9g \u00e9rzem a parf\u00fcmj\u00e9t. Hallom, ahogy a cip\u0151je kopog a folyos\u00f3 l\u00e9pcs\u0151in. \u00c9n is elk\u00e9sz\u00fcl\u00f6k. Kikapcsolom a r\u00e1di\u00f3t, majd \u00fatnak indulok.\u00a0<br \/>A nap v\u00e9g\u00e9n egyszerre \u00e9rkez\u00fcnk haza. F\u00e1radt. L\u00e1tom rajta. Gondokkal terhelt napja volt, de bev\u00e1s\u00e1rolt. \u00c1tveszem t\u0151le a neh\u00e9z szatyrokat. Egy faviccel nevettetem meg. Kacag. Csak \u0151 k\u00e9pes \u00fagy kacagni, hogy k\u00e9t sarokkal arr\u00e9bb is hallj\u00e1k. Fels\u00e9t\u00e1lunk. M\u00e9g valahol \u00e9rz\u0151dik a k\u00e1v\u00e9 \u00e9s a parf\u00fcm. Ablakot nyit \u00e9s \u00e1t\u00f6lt\u00f6zik. L\u00f3farokba k\u00f6ti a haj\u00e1t \u00e9s a konyh\u00e1ba s\u00e9t\u00e1l. Besz\u00e9lget\u00fcnk. Mind a ketten elmes\u00e9lj\u00fck, hogy milyen napunk volt \u00e9s k\u00f6zben k\u00e9sz\u00fcl a vacsora. Felnyitok egy \u00fcveg bort. Tudom, hogy nem iszik. Ahogy \u0151 mondja, egyetlen b\u0171ne a doh\u00e1nyz\u00e1st. Soha nem cigiztem, de \u0151t elfogadtam \u00edgy, ahogyan van. K\u00e9sz\u00edti a vacsor\u00e1t. Mes\u00e9l. \u00c9n meg elm\u00e9lyedve hallgatom. Nem mindenben \u00e9rtek vele egyet. Mindig elmondom, ha nem \u00e9rtek egyet.\u00a0<br \/>\u0150 a n\u0151 sz\u00e1momra. \u00c9vek kellettek hozz\u00e1, hogy r\u00e1j\u00f6jjek, hogy megtapasztaljam milyen n\u00e9lk\u00fcle \u00e9s vele. Feles\u00e9g\u00fcl k\u00e9rtem. Feles\u00e9g\u00fcl j\u00f6tt hozz\u00e1m. Most a k\u00f6z\u00f6s \u00e9let\u00fcnket \u00e9lj\u00fck sok \u00e9v ut\u00e1n. H\u00e1l\u00e1s vagyok az \u00e9letnek, hogy visszakaptam, hogy \u00faj es\u00e9lyt nyertem \u00e9s \u00e9n \u00e9ltem vele. Megragadtam \u00e9s nem engedem. Vele lett minden teljes.\u00a0<br \/><img class=\"alignnone size-large wp-image-430\" src=\"https:\/\/karcolasok.cafeblog.hu\/files\/2019\/02\/people-2603521_1280-600x400.jpg\" alt=\"\" width=\"600\" height=\"400\" \/><br \/>Neh\u00e9z term\u00e9szet vagyok. Gyakran z\u00e1rk\u00f3zom be a saj\u00e1t vil\u00e1gomba \u00e9s nem mindig vagyok egy elb\u0171v\u00f6l\u0151 t\u00e1rsas\u00e1g. A lelkem m\u00e9ly\u00e9ig l\u00e1t. Tudja, mikor kell csendben le\u00fclni mell\u00e9m \u00e9s csak hozz\u00e1m b\u00fajni. Tudja, mikor kell kimondania az igazat, a g\u00f6rbe t\u00fckr\u00f6t el\u00e9m t\u00e1rni. Nem hagyja, hogy olyan d\u00f6nt\u00e9st hozzak, ami h\u00e1tr\u00e1nyomra v\u00e1lna. Megtan\u00edtott megny\u00edlni a vil\u00e1g fel\u00e9, hogy legyek \u0151szinte, hogyan tudom kimondani azt, amit \u00e9rzek \u00e9s gondolok. \u00c1ltala kiny\u00edlt egy kapu, amin \u00e9n boldogan s\u00e9t\u00e1ltam \u00e1t. Megmutatott egy vil\u00e1got, amelyben szabadabb lett a lelkem.\u00a0<br \/>Soha nem lehetek neki ez\u00e9rt el\u00e9g h\u00e1l\u00e1s. K\u00f6z\u00f6sen fogyasztjuk el a vacsor\u00e1t. F\u00fcrd\u00e9s ut\u00e1n \u00e9rzem a kellemes tusf\u00fcrd\u0151j\u00e9nek illat\u00e1t. Boldogan b\u00fajok hozz\u00e1 az \u00e1gyban s f\u00farom az arcom a haj\u00e1ba. \u00c1tkarolom \u00e9s szorosan magamhoz h\u00fazom. \u00cdgy alszunk el. Egy\u00fctt, egym\u00e1sba fon\u00f3dva.\u00a0<br \/><strong>\u0150 a n\u0151. A nagybet\u0171s n\u0151. Nem mindenki kaphat egy \u00fajabb es\u00e9lyt. Valaki egy \u00e9letre vesz\u00edti el. Egy\u00fctt kell \u00e9lnie a gondolattal, hogy aki a j\u00f6v\u0151je lehetett volna csak a m\u00faltja marad. Nekem viszont a m\u00faltam a jelenem \u00e9s a j\u00f6v\u0151m.\u00a0<\/strong><\/p>","type":"rich"}