{"version":"1.0","provider_name":"Karcol\u00e1sok","provider_url":"https:\/\/karcolasok.cafeblog.hu","author_name":"Demetria","author_url":"https:\/\/karcolasok.cafeblog.hu\/author\/demetria\/","title":"Mennyd\u00f6rg\u00e9s","html":"<p>Soha nem voltam az a nyugodt term\u00e9szet. Egy hurrik\u00e1nhoz tudn\u00e1m magam hasonl\u00edtani, ami hirtelen t\u00e1mad fel, lerombol p\u00e1r perc alatt mindent, majd lenyugszik \u00e9s elt\u0171nik. Bal\u00e1zzsal is sokat kiab\u00e1ltam, forgattam benne a k\u00e9st \u00e9s v\u00e1gtam\u00a0 fej\u00e9hez olyan dolgokat, amikkel nem lett volna szabad vissza\u00e9lnem.\u00a0<br \/> Tavasz van. Minden meg\u00fajul, csak \u00e9n \u00e9rzem azt, hogy minden a r\u00e9gi. R\u00e9gi csak \u00e9lesebb a k\u00e9p.\u00a0<br \/> <br \/> - \u00dagy \u00fclsz itt, mint akit\u0151l elvett\u00e9k a p\u00f6tty\u00f6s labd\u00e1j\u00e1t. - egy cs\u00e9sze k\u00e1v\u00e9 volt a kez\u00e9ben. \u00c9reztem, ahogy megs\u00fcllyed a hinta\u00e1gy alatta mikor mell\u00e9m \u00fclt. Magas, izmos \u00e9s mark\u00e1ns.\u00a0<br \/> <br \/> - Nem \u00e9ppen a p\u00f6tty\u00f6s labd\u00e1mat vett\u00e9k el.<strong> N\u00e9ha azt \u00e9rzem ink\u00e1bb, hogy saj\u00e1t magamat akarj\u00e1k elvenni t\u0151lem. A szabad akaratomat, a gondolataimat, a n\u00e9zeteimet. Mindent, ami \u00e9n vagyok.\u00a0<\/strong><strong><br \/> <br \/> <\/strong>Fur\u00e1n mosolygott r\u00e1m, majdhogynem kinevetett engem. Kortyolt a k\u00e1v\u00e9b\u00f3l, majd r\u00e1gy\u00fajtott. H\u00e1tra d\u0151lt \u00e9s m\u00e1r vigyorogva n\u00e9zte az eget, azt\u00e1n r\u00e1m emelte a tekintet\u00e9t. \u00d6sszekucorodva \u00fcld\u00f6g\u00e9ltem mellette, mint egy kis kutya, aki elv\u00e1rult.\u00a0<br \/> <br \/> - Magdi, n\u00e9ha annyira el tudod vesz\u00edteni a magadba vetett hitedet. M\u00e9g j\u00f3, hogy itt vagyok \u00e9s a t\u00fckr\u00f6t el\u00e9d tarthatom. <strong>T\u0151led elvenni b\u00e1rmit? Vaskarommal kapaszkodsz mindenbe, ami a ti\u00e9d. Tombol\u00f3 d\u00fchvel fordulsz m\u00e1sok ellen, amikor \u00e9rzed, hogy vesz\u00e9lyben van a lelked.<\/strong> Nem ismersz ilyenkor kegyelmet. Gondolkod\u00e1s \u00e9s \u00e9rzelmek n\u00e9lk\u00fcl taposod a f\u00f6ldbe azt, aki b\u00e1rmit is el akar venni t\u0151led.\u00a0<\/p>\r\n[caption id=\"attachment_96\" align=\"alignnone\" width=\"600\"]<img class=\"size-large wp-image-96\" src=\"https:\/\/karcolasok.cafeblog.hu\/files\/2018\/04\/black-and-white-color-curve-458530-600x400.jpg\" alt=\"\" width=\"600\" height=\"400\" \/> K\u00e9p forr\u00e1sa: pexels.com[\/caption]\r\n<p>\u00c9vekkel ezel\u0151tt sokkal harciasabb voltam, b\u00e1r szerintem ebben a kamaszkori hormonjaim is b\u0151ven nagy szerepet j\u00e1tszottak. Igaz\u00e1b\u00f3l mindig azt gondoltam magamr\u00f3l, hogy ez majd csitul. Feln\u0151tt lettem \u00e9s nem csitult, s\u0151t, hangosabb lett, mint viharban a mennyd\u00f6rg\u00e9s. Hangosabb \u00e9s er\u0151szakosabb vagyok, mint voltam. Egyszer\u0171en, ha r\u00f3lam van sz\u00f3, akkor k\u00e9pes vagyok kifordulni m\u00e9g \u00f6nmagamb\u00f3l is.\u00a0<br \/> <br \/> - Az a baj, hogy \u00e9n nem l\u00e1tom magamat k\u00edv\u00fclr\u0151l. <strong>\u0150rj\u00f6ng\u0151 n\u0151szem\u00e9lynek l\u00e1tom magam, aki tehetetlen\u00fcl verg\u0151dik, mint ink\u00e1bb harcolna<\/strong>. \u00c9rzem olyankor, hogy minden er\u0151mre sz\u00fcks\u00e9gem van. Nem szeretek vesz\u00edteni. Szeretem, ha eny\u00e9m az utols\u00f3 sz\u00f3, ha nekem van igazam \u00e9s ezt \u00e9rv\u00e9nyes\u00edteni is tudom.\u00a0<br \/> <br \/> - Oh, igen! Ezt ismerem. Felfegyverzett amazonk\u00e9nt vagy k\u00e9pes fell\u00e9pni mindenki ellen, akinek nem egy az akarata veled vagy \u00e9ppen megpr\u00f3b\u00e1l m\u00e1sik ir\u00e1nyba terelni. \u00c9n l\u00e1tlak ilyenkor \u00e9s b\u00e1r r\u00e9gen kicsit r\u00e9miszt\u0151nek tartottam, ma m\u00e1r \u00fagy vagyok vele, hogy hagyni kell t\u00e9ged tombolni. \u00c1llok el\u00e9be \u00e9s t\u00fcrelemmel megv\u00e1rom, m\u00edg el\u00fcl a vihar. N\u00e9ha viszont att\u00f3l f\u00e9lek, hogy kikaparod a szememet a hely\u00e9r\u0151l. M\u00e1skor meg azt v\u00e1rom, mikor kezdesz \u00f6ld\u00f6kl\u00e9sbe. A v\u00e9g\u00e9n persze v\u00e1ratlanul elhallgatsz, lehiggadsz \u00e9s, mint valami horror filmben, a sz\u00f6rnyeteget felv\u00e1ltja, egy \u00e9des cicaszem\u0171 kisl\u00e1ny.\u00a0<br \/> <br \/> Kacagnom kellett, hiszen olyan szarkasztikusan adta ezt el\u0151, hogy nem b\u00edrtam meg\u00e1llni, hogy ne nevessek. L\u00e1ttam a lelki szemeivel, ahogy l\u00e1t engem. Egyszer csak a k\u00edgy\u00f3haj\u00fa, szemeivel vill\u00e1mokat sz\u00f3r\u00f3, ordib\u00e1l\u00f3 n\u0151b\u0151l, hirtelen egy szende, csillog\u00f3 szem\u0171 5 \u00e9ves kisl\u00e1ny leszek. Val\u00f3ban \u00e9les v\u00e1lt\u00e1s ez.\u00a0<br \/> <br \/> - Azt akarod mondani, hogy kell\u0151 t\u00fcrelemmel v\u00e9g\u00fcl is kezelhet\u0151 vagyok?\u00a0<br \/> <br \/> - Azt akarom mondani, hogy <strong>az \u00e9letben a vihar ellen sem tudunk semmit sem tenni. Meg kell v\u00e1rjuk, am\u00edg kitombolja mag\u00e1t, mik\u00f6zben fedez\u00e9kbe vonulunk el\u0151le. Azt\u00e1n kis\u00fct a nap \u00e9s minden nyugodt lesz. El\u0151b\u00fajhatunk \u00e9s folytathatunk mindent ott, ahol abbahagytuk. Nyugodtan.\u00a0\u00a0<\/strong><br \/> <\/p>\r\n[caption id=\"attachment_97\" align=\"alignnone\" width=\"600\"]<img class=\"size-large wp-image-97\" src=\"https:\/\/karcolasok.cafeblog.hu\/files\/2018\/04\/pexels-photo-104517-600x400.jpeg\" alt=\"\" width=\"600\" height=\"400\" \/> K\u00e9p forr\u00e1sa: pexels.com[\/caption]\r\n<p>&nbsp;<\/p>\r\n<p><br \/> - Sz\u00f3val \u00e9n egy vihar vagyok. - vigyorogtam, m\u00e1r nem \u00fagy n\u00e9ztem ki, mint egy el\u00e1rvult l\u00e9lek.\u00a0<\/p>\r\n<p>- Egy vihar, amit m\u00e9g a meteorol\u00f3giai szolg\u00e1latok sem tudn\u00e1nak beazonos\u00edtani, sem pedig azt megmondani, mikor \u00e9rkezik.\u00a0<br \/> <br \/> Bal\u00e1zs mindig meg tud lepni. Tiszt\u00e1ban vagyok vele m\u00e1r j\u00f3 ideje, hogy velem nem egyszer\u0171 az \u00e9let, de nem neh\u00e9z az utat sem megtal\u00e1lni hozz\u00e1m. Nem \u00e9n vagyok az egyed\u00fcli ember ezen a vil\u00e1gon, aki ilyen. Egy\u00fctt tudok vele \u00e9rezni, mert ezzel egy\u00fctt egy bizonyos elveszetts\u00e9g \u00e9rz\u00e9se is j\u00e1r. <strong>Minden emberhez van egy \u00fat. Van, akihez r\u00f6videbb van, akihez hosszabb \u00fat vezet. A l\u00e9nyeg a t\u00fcrelem \u00e9s a meg\u00e9rt\u00e9s. Ezen k\u00e9t eszk\u00f6zzel k\u00f6nnyen k\u00f6zel f\u00e9rhet\u00fcnk a m\u00e1sikhoz \u00e9s egy\u00fctt tudunk vele \u00e9lni \u00fagy, hogy minden cselekedet\u00e9t, gondolat\u00e1t \u00e9s \u00e9rz\u00e9s\u00e9t k\u00e9pesek vagyunk meg\u00e9rteni.\u00a0<\/strong><\/p>","type":"rich"}